{"version":"1.0","provider_name":"Grupa Tarczy\u0144ski","provider_url":"https:\/\/grupatarczynski.pl\/lt\/","author_name":"Katarzyna Leszkiewicz","author_url":"https:\/\/grupatarczynski.pl\/lt\/author\/k-leszkiewicz\/","title":"\u201eTarczy\u0144ski\u201c \u012fmon\u0117 \u0161ven\u010dia veiklos 30-met\u012f - Grupa Tarczy\u0144ski","type":"rich","width":600,"height":338,"html":"<blockquote class=\"wp-embedded-content\" data-secret=\"eZ19Qt2iFI\"><a href=\"https:\/\/grupatarczynski.pl\/lt\/2021\/02\/26\/tarczynski-imone-svencia-veiklos-30-meti\/\">\u201eTarczy\u0144ski\u201c \u012fmon\u0117 \u0161ven\u010dia veiklos 30-met\u012f<\/a><\/blockquote><iframe sandbox=\"allow-scripts\" security=\"restricted\" src=\"https:\/\/grupatarczynski.pl\/lt\/2021\/02\/26\/tarczynski-imone-svencia-veiklos-30-meti\/embed\/#?secret=eZ19Qt2iFI\" width=\"600\" height=\"338\" title=\"&#8220;\u201eTarczy\u0144ski\u201c \u012fmon\u0117 \u0161ven\u010dia veiklos 30-met\u012f&#8221; &#8212; Grupa Tarczy\u0144ski\" data-secret=\"eZ19Qt2iFI\" frameborder=\"0\" marginwidth=\"0\" marginheight=\"0\" scrolling=\"no\" class=\"wp-embedded-content\"><\/iframe><script type=\"text\/javascript\">\n\/* <![CDATA[ *\/\n\/*! This file is auto-generated *\/\n!function(d,l){\"use strict\";l.querySelector&&d.addEventListener&&\"undefined\"!=typeof URL&&(d.wp=d.wp||{},d.wp.receiveEmbedMessage||(d.wp.receiveEmbedMessage=function(e){var t=e.data;if((t||t.secret||t.message||t.value)&&!\/[^a-zA-Z0-9]\/.test(t.secret)){for(var s,r,n,a=l.querySelectorAll('iframe[data-secret=\"'+t.secret+'\"]'),o=l.querySelectorAll('blockquote[data-secret=\"'+t.secret+'\"]'),c=new RegExp(\"^https?:$\",\"i\"),i=0;i<o.length;i++)o[i].style.display=\"none\";for(i=0;i<a.length;i++)s=a[i],e.source===s.contentWindow&&(s.removeAttribute(\"style\"),\"height\"===t.message?(1e3<(r=parseInt(t.value,10))?r=1e3:~~r<200&&(r=200),s.height=r):\"link\"===t.message&&(r=new URL(s.getAttribute(\"src\")),n=new URL(t.value),c.test(n.protocol))&&n.host===r.host&&l.activeElement===s&&(d.top.location.href=t.value))}},d.addEventListener(\"message\",d.wp.receiveEmbedMessage,!1),l.addEventListener(\"DOMContentLoaded\",function(){for(var e,t,s=l.querySelectorAll(\"iframe.wp-embedded-content\"),r=0;r<s.length;r++)(t=(e=s[r]).getAttribute(\"data-secret\"))||(t=Math.random().toString(36).substring(2,12),e.src+=\"#?secret=\"+t,e.setAttribute(\"data-secret\",t)),e.contentWindow.postMessage({message:\"ready\",secret:t},\"*\")},!1)))}(window,document);\n\/\/# sourceURL=https:\/\/grupatarczynski.pl\/wp-includes\/js\/wp-embed.min.js\n\/* ]]> *\/\n<\/script>\n","thumbnail_url":"https:\/\/grupatarczynski.pl\/wp-content\/uploads\/2021\/02\/Slajder_g\u0142o\u0301wna_1920x1080-1024x576.png","thumbnail_width":1024,"thumbnail_height":576,"description":"Viena labiausiai atpa\u017e\u012fstam\u0173 Lenkijos \u012fmoni\u0173 \u2013 \u201eTarczy\u0144ski S.A.\u201c vasar\u012f \u0161ven\u010dia jubiliej\u0173, prisijungdama prie 30-me\u010di\u0173 b\u016brio. 1991 m. vasario 26 d. oficialiai prad\u0117ta m\u0117sos gamini\u0173 gamyba, pradedanti stipraus \u0161eimos verslo k\u016brimo keli\u0105. Po 30 met\u0173 \u0161io naujovi\u0161ko ir modernaus prek\u0117s \u017eenklo produkt\u0173 portfel\u012f sudaro auk\u0161tos kokyb\u0117s m\u0117sos gaminiai, kabanos de\u0161rel\u0117s, de\u0161rel\u0117s ir baltymingi u\u017ekand\u017eiai, platinami 30 pasaulio \u0161ali\u0173 3 \u017eemynuose."}